{"id":2456,"date":"2018-06-22T15:39:14","date_gmt":"2018-06-22T13:39:14","guid":{"rendered":"http:\/\/shop.mittgard.de\/?product=import-placeholder-for-1336"},"modified":"2026-03-25T15:41:24","modified_gmt":"2026-03-25T14:41:24","slug":"alantwurzel-50g-2","status":"publish","type":"product","link":"https:\/\/shop.mittgard.de\/?product=alantwurzel-50g-2","title":{"rendered":"Alant, Wurzel, geschnitten (50g)"},"content":{"rendered":"<p>feiner weihrauchartiger, schwach veilchen\u00e4hnlicher, kampferartiger Geruch, hilft in Trauerzeiten, harmonisierend<\/p>\n<blockquote>\n<pre class=\"western\"><span style=\"font-size: 14pt;\"><strong><span style=\"color: #444444;\"><span style=\"font-family: Chilanka;\"><b>Der Odinskopf\u2026<\/b><\/span><\/span><\/strong><\/span>\r\n\r\n<span style=\"font-size: 12pt;\"><span style=\"color: #444444;\">\u2026\u00a0<span style=\"font-family: Chilanka;\">auch Alant gehei\u00dfen, w\u00e4chst mit seinen gro\u00dfen gelben Strahlenbl\u00fcten \r\nund gro\u00dfen unters filzigbehaarten Bl\u00e4ttern als rosettenf\u00f6rmiger bis zu \r\n2m hoher Busch an Gr\u00e4ben und in feuchten W\u00e4ldern. Er ist ein uraltes\r\nPestmittel und wurde von den wendischen V\u00f6lkern zu diesem Zweck \r\nverwendet. Au\u00dferdem sch\u00fctzt er vor sch\u00e4dlichem Zauber und vielerlei \r\nangezauberten Krankheiten, wie Hexenschu\u00df, Alpdr\u00fccken oder \r\nBesessenheit. Zu diesem Zweck wurde um den Alant ein Graben gezogen\r\nund der Sammler warf einen Stein, mit dem er die Pflanze ausgegraben \r\nhatte, in die H\u00f6he und rei\u00dft das Kraut heraus, noch bevor der Stein zu \r\nBoden gefallen ist. Nur so bleibt die Wirkung in der Pflanze erhalten.<\/span><\/span>\r\n\r\n<span style=\"color: #444444;\"><span style=\"font-family: Chilanka;\">Man nahm an, da\u00df der Alant in seinen gro\u00dfen gelben Bl\u00fctenk\u00f6pfen die \r\nKraft der Sonne speichert, weshalb man ihn an den Sonnenwendfesten \r\nverr\u00e4ucherte. Vorallem aber auch in der dunklen Jahreszeit, wo er seine \r\nSonnenkr\u00e4fte beim R\u00e4uchern abgeben sollte, um so b\u00f6se D\u00e4monen zu \r\nvertreiben. Wir nennen diese D\u00e4monen heute Depression, Tr\u00fcbsinn und \r\nMelancholie. <\/span><\/span>\r\n\r\n<span style=\"color: #444444;\"><span style=\"font-family: Chilanka;\">Der Duft der Alantwurzel ist schwach veilchenartig, dazu etwas Weihrauch- \r\nund Kampferartig und eine wichtige Schutzr\u00e4ucherung in den \r\nWintermonaten.<\/span><\/span><\/span><\/pre>\n<\/blockquote>\n","protected":false},"excerpt":{"rendered":"<p>feiner weihrauchartiger, schwach veilchen\u00e4hnlicher, kampferartiger Geruch, hilft in Trauerzeiten, harmonisierend Der Odinskopf\u2026 \u2026\u00a0auch Alant gehei\u00dfen, w\u00e4chst mit seinen gro\u00dfen gelben Strahlenbl\u00fcten und gro\u00dfen unters filzigbehaarten Bl\u00e4ttern als rosettenf\u00f6rmiger bis zu 2m hoher Busch an Gr\u00e4ben und in feuchten W\u00e4ldern. Er ist ein uraltes Pestmittel und wurde von den wendischen V\u00f6lkern zu diesem Zweck verwendet. Au\u00dferdem &hellip; <\/p>\n<p class=\"link-more\"><a href=\"https:\/\/shop.mittgard.de\/?product=alantwurzel-50g-2\" class=\"more-link\"><span class=\"screen-reader-text\">\u201eAlant, Wurzel, geschnitten (50g)\u201c <\/span>weiterlesen<\/a><\/p>\n","protected":false},"featured_media":1714,"template":"","meta":[],"product_brand":[],"product_cat":[114,110],"product_tag":[143,149],"class_list":{"0":"post-2456","1":"product","2":"type-product","3":"status-publish","4":"has-post-thumbnail","6":"product_cat-kraeuter-hoelzer","7":"product_cat-raeucherwerk","8":"product_tag-balsamisch","9":"product_tag-harmonisierend","10":"product_shipping_class-paket","12":"first","13":"instock","14":"taxable","15":"shipping-taxable","16":"purchasable","17":"product-type-simple"},"_links":{"self":[{"href":"https:\/\/shop.mittgard.de\/index.php?rest_route=\/wp\/v2\/product\/2456","targetHints":{"allow":["GET"]}}],"collection":[{"href":"https:\/\/shop.mittgard.de\/index.php?rest_route=\/wp\/v2\/product"}],"about":[{"href":"https:\/\/shop.mittgard.de\/index.php?rest_route=\/wp\/v2\/types\/product"}],"wp:featuredmedia":[{"embeddable":true,"href":"https:\/\/shop.mittgard.de\/index.php?rest_route=\/wp\/v2\/media\/1714"}],"wp:attachment":[{"href":"https:\/\/shop.mittgard.de\/index.php?rest_route=%2Fwp%2Fv2%2Fmedia&parent=2456"}],"wp:term":[{"taxonomy":"product_brand","embeddable":true,"href":"https:\/\/shop.mittgard.de\/index.php?rest_route=%2Fwp%2Fv2%2Fproduct_brand&post=2456"},{"taxonomy":"product_cat","embeddable":true,"href":"https:\/\/shop.mittgard.de\/index.php?rest_route=%2Fwp%2Fv2%2Fproduct_cat&post=2456"},{"taxonomy":"product_tag","embeddable":true,"href":"https:\/\/shop.mittgard.de\/index.php?rest_route=%2Fwp%2Fv2%2Fproduct_tag&post=2456"}],"curies":[{"name":"wp","href":"https:\/\/api.w.org\/{rel}","templated":true}]}}