{"id":2925,"date":"2018-06-22T21:10:43","date_gmt":"2018-06-22T19:10:43","guid":{"rendered":"http:\/\/shop.mittgard.de\/?product=import-placeholder-for-3249"},"modified":"2025-10-14T10:43:02","modified_gmt":"2025-10-14T08:43:02","slug":"peters-ulrike-die-germanen","status":"publish","type":"product","link":"https:\/\/shop.mittgard.de\/?product=peters-ulrike-die-germanen","title":{"rendered":"Peters, Ulrike &#8222;Die Germanen&#8220;"},"content":{"rendered":"<p>von Germanen, die Geschichte schrieben, wie: Ariovist, Arminius, Geiserich, Theoderich und viele andere<\/p>\n<p>&#8222;\u2026 und die St\u00e4mme Germaniens (\u2026): grimmige blaue Augen, rotblonde Haare, gro\u00dfe K\u00f6rper, die jedoch nur zum Angriff geeignet sind.&#8220; Tacitus, Germania<\/p>\n<p>Germanen, die Geschichte schrieben, stellt dieser Band in Biografien vor: Angefangen von Ariofist und Arminius, die durch ihren Widerstand gegen die R\u00f6mer ber\u00fchmt wurden, \u00fcber Geiserich, Theoderich oder Chlodwig und Karl dem Gro\u00dfen, die bekanntesten Herrscher der germanischen Reiche bis hin zu anderen bedeutenden Pers\u00f6nlichkeiten, wie z.B. Wulfila, dem Missionar der Goten und Erfinder der gotischen Schrift, Brunichilde, einer germanischen Powerfrau, dem Wikinger Leif Eriksson, dem Entdecker Amerikas oder Snorri Sturluson, dem Verfasser der Edda. Der Lauf der Weltgeschichte wird bestimmt durch das Leben, die Taten, den Erfolg oder die Niederlagen einzelner Personen. In diesem Sinne soll anhand dieser germanischen Biografien, in denen sich oft Mythos und Realit\u00e4t vermischen, die Geschichte und Kultur der Germanen beispielhaft dargestellt werden.<\/p>\n<p>Gebundene Ausgabe, 224 Seiten<\/p>\n","protected":false},"excerpt":{"rendered":"<p>Geb<\/p>\n","protected":false},"featured_media":3938,"template":"","meta":[],"product_brand":[],"product_cat":[193,185],"product_tag":[336,327,305],"class_list":{"0":"post-2925","1":"product","2":"type-product","3":"status-publish","4":"has-post-thumbnail","6":"product_cat-germanen","7":"product_cat-literatur","8":"product_tag-germanen","9":"product_tag-geschichte","10":"product_tag-sagen","11":"product_shipping_class-paket","13":"first","14":"instock","15":"taxable","16":"shipping-taxable","17":"purchasable","18":"product-type-simple"},"_links":{"self":[{"href":"https:\/\/shop.mittgard.de\/index.php?rest_route=\/wp\/v2\/product\/2925","targetHints":{"allow":["GET"]}}],"collection":[{"href":"https:\/\/shop.mittgard.de\/index.php?rest_route=\/wp\/v2\/product"}],"about":[{"href":"https:\/\/shop.mittgard.de\/index.php?rest_route=\/wp\/v2\/types\/product"}],"wp:featuredmedia":[{"embeddable":true,"href":"https:\/\/shop.mittgard.de\/index.php?rest_route=\/wp\/v2\/media\/3938"}],"wp:attachment":[{"href":"https:\/\/shop.mittgard.de\/index.php?rest_route=%2Fwp%2Fv2%2Fmedia&parent=2925"}],"wp:term":[{"taxonomy":"product_brand","embeddable":true,"href":"https:\/\/shop.mittgard.de\/index.php?rest_route=%2Fwp%2Fv2%2Fproduct_brand&post=2925"},{"taxonomy":"product_cat","embeddable":true,"href":"https:\/\/shop.mittgard.de\/index.php?rest_route=%2Fwp%2Fv2%2Fproduct_cat&post=2925"},{"taxonomy":"product_tag","embeddable":true,"href":"https:\/\/shop.mittgard.de\/index.php?rest_route=%2Fwp%2Fv2%2Fproduct_tag&post=2925"}],"curies":[{"name":"wp","href":"https:\/\/api.w.org\/{rel}","templated":true}]}}